{"id":6402,"date":"2026-04-30T09:40:38","date_gmt":"2026-04-30T07:40:38","guid":{"rendered":"https:\/\/muzeumvac.hu\/?post_type=tribe_events&#038;p=6402"},"modified":"2026-04-30T09:40:38","modified_gmt":"2026-04-30T07:40:38","slug":"tragor-ignac-emlekszoba-a-130-eves-vaci-muzeum-oroksege","status":"publish","type":"tribe_events","link":"https:\/\/muzeumvac.hu\/en\/esemenyek\/tragor-ignac-emlekszoba-a-130-eves-vaci-muzeum-oroksege\/","title":{"rendered":"Tragor Ign\u00e1c eml\u00e9kszoba &#8211; A 130 \u00e9ves v\u00e1ci m\u00fazeum \u00f6r\u00f6ks\u00e9ge"},"content":{"rendered":"<p>MEGH\u00cdV\u00d3<\/p>\n<p>A Tragor Ign\u00e1c M\u00fazeum szeretettel megh\u00edvja \u00d6nt \u00e9s csal\u00e1dj\u00e1t a<\/p>\n<p>a TIM 130 eml\u00e9k\u00e9v nyit\u00f3esem\u00e9ny\u00e9re,<br \/>\na Tragor Ign\u00e1c eml\u00e9kszoba<\/p>\n<p>megnyit\u00f3 \u00fcnneps\u00e9g\u00e9re.<\/p>\n<p>Helysz\u00edn:<br \/>\nTragor Ign\u00e1c M\u00fazeum &#8211; Elef\u00e1ntos H\u00e1z<br \/>\nV\u00e1c, M\u00e1rcius 15. t\u00e9r 23.<\/p>\n<p>Id\u0151pont: 2026. m\u00e1jus 9. 16.00 \u00f3ra<\/p>\n<p>K\u00f6sz\u00f6nt\u0151t mond:<br \/>\nFeh\u00e9rv\u00e1rin\u00e9 T\u00f3th Helga<br \/>\na m\u00fazeum igazgat\u00f3ja<\/p>\n<p>A ki\u00e1ll\u00edt\u00e1st megnyitja:<br \/>\nForr\u00f3 Katalin<br \/>\na m\u00fazeum nyugalmazott igazgat\u00f3ja<\/p>","protected":false},"excerpt":{"rendered":"<p>MEGH\u00cdV\u00d3 A Tragor Ign\u00e1c M\u00fazeum szeretettel megh\u00edvja \u00d6nt \u00e9s csal\u00e1dj\u00e1t a a TIM 130 eml\u00e9k\u00e9v nyit\u00f3esem\u00e9ny\u00e9re, a Tragor Ign\u00e1c eml\u00e9kszoba megnyit\u00f3 \u00fcnneps\u00e9g\u00e9re. Helysz\u00edn: Tragor Ign\u00e1c M\u00fazeum &#8211; Elef\u00e1ntos H\u00e1z V\u00e1c, [&hellip;]<\/p>\n","protected":false},"author":1,"featured_media":6403,"template":"","meta":{"_et_pb_use_builder":"","_et_pb_old_content":"","_et_gb_content_width":"","_tribe_events_status":"","_tribe_events_status_reason":"","footnotes":""},"tags":[],"tribe_events_cat":[8],"class_list":["post-6402","tribe_events","type-tribe_events","status-publish","has-post-thumbnail","hentry","tribe_events_cat-esemeny","cat_esemeny"],"yoast_head":"<!-- This site is optimized with the Yoast SEO Premium plugin v27.4 (Yoast SEO v27.5) - https:\/\/yoast.com\/product\/yoast-seo-premium-wordpress\/ -->\n<title>Tragor Ign\u00e1c eml\u00e9kszoba - A 130 \u00e9ves v\u00e1ci m\u00fazeum \u00f6r\u00f6ks\u00e9ge - TRAGOR IGN\u00c1C M\u00daZEUM \u2022 V\u00c1C<\/title>\n<meta name=\"robots\" content=\"index, follow, max-snippet:-1, max-image-preview:large, max-video-preview:-1\" \/>\n<link rel=\"canonical\" href=\"https:\/\/muzeumvac.hu\/en\/esemenyek\/tragor-ignac-emlekszoba-a-130-eves-vaci-muzeum-oroksege\/\" \/>\n<meta property=\"og:locale\" content=\"en_GB\" \/>\n<meta property=\"og:type\" content=\"article\" \/>\n<meta property=\"og:title\" content=\"Tragor Ign\u00e1c eml\u00e9kszoba - A 130 \u00e9ves v\u00e1ci m\u00fazeum \u00f6r\u00f6ks\u00e9ge\" \/>\n<meta property=\"og:description\" content=\"MEGH\u00cdV\u00d3 A Tragor Ign\u00e1c M\u00fazeum szeretettel megh\u00edvja \u00d6nt \u00e9s csal\u00e1dj\u00e1t a a TIM 130 eml\u00e9k\u00e9v nyit\u00f3esem\u00e9ny\u00e9re, a Tragor Ign\u00e1c eml\u00e9kszoba megnyit\u00f3 \u00fcnneps\u00e9g\u00e9re. Helysz\u00edn: Tragor Ign\u00e1c M\u00fazeum &#8211; Elef\u00e1ntos H\u00e1z V\u00e1c, [&hellip;]\" \/>\n<meta property=\"og:url\" content=\"https:\/\/muzeumvac.hu\/en\/esemenyek\/tragor-ignac-emlekszoba-a-130-eves-vaci-muzeum-oroksege\/\" \/>\n<meta property=\"og:site_name\" content=\"TRAGOR IGN\u00c1C M\u00daZEUM \u2022 V\u00c1C\" \/>\n<meta property=\"article:publisher\" content=\"https:\/\/www.facebook.com\/vac.tragorignacmuzeum\" \/>\n<meta property=\"og:image\" content=\"https:\/\/muzeumvac.hu\/wp-content\/uploads\/2026\/04\/MEGHIVO-Tragor-emlekszoba.jpg\" \/>\n\t<meta property=\"og:image:width\" content=\"1683\" \/>\n\t<meta property=\"og:image:height\" content=\"1190\" \/>\n\t<meta property=\"og:image:type\" content=\"image\/jpeg\" \/>\n<meta name=\"twitter:card\" content=\"summary_large_image\" \/>\n<meta name=\"twitter:label1\" content=\"Estimated reading time\" \/>\n\t<meta name=\"twitter:data1\" content=\"1 minute\" \/>\n<script type=\"application\/ld+json\" class=\"yoast-schema-graph\">{\"@context\":\"https:\\\/\\\/schema.org\",\"@graph\":[{\"@type\":\"WebPage\",\"@id\":\"https:\\\/\\\/muzeumvac.hu\\\/esemenyek\\\/tragor-ignac-emlekszoba-a-130-eves-vaci-muzeum-oroksege\\\/\",\"url\":\"https:\\\/\\\/muzeumvac.hu\\\/esemenyek\\\/tragor-ignac-emlekszoba-a-130-eves-vaci-muzeum-oroksege\\\/\",\"name\":\"Tragor Ign\u00e1c eml\u00e9kszoba - A 130 \u00e9ves v\u00e1ci m\u00fazeum \u00f6r\u00f6ks\u00e9ge - TRAGOR IGN\u00c1C M\u00daZEUM \u2022 V\u00c1C\",\"isPartOf\":{\"@id\":\"https:\\\/\\\/muzeumvac.hu\\\/#website\"},\"primaryImageOfPage\":{\"@id\":\"https:\\\/\\\/muzeumvac.hu\\\/esemenyek\\\/tragor-ignac-emlekszoba-a-130-eves-vaci-muzeum-oroksege\\\/#primaryimage\"},\"image\":{\"@id\":\"https:\\\/\\\/muzeumvac.hu\\\/esemenyek\\\/tragor-ignac-emlekszoba-a-130-eves-vaci-muzeum-oroksege\\\/#primaryimage\"},\"thumbnailUrl\":\"https:\\\/\\\/muzeumvac.hu\\\/wp-content\\\/uploads\\\/2026\\\/04\\\/MEGHIVO-Tragor-emlekszoba.jpg\",\"datePublished\":\"2026-04-30T07:40:38+00:00\",\"breadcrumb\":{\"@id\":\"https:\\\/\\\/muzeumvac.hu\\\/esemenyek\\\/tragor-ignac-emlekszoba-a-130-eves-vaci-muzeum-oroksege\\\/#breadcrumb\"},\"inLanguage\":\"en-GB\",\"potentialAction\":[{\"@type\":\"ReadAction\",\"target\":[\"https:\\\/\\\/muzeumvac.hu\\\/esemenyek\\\/tragor-ignac-emlekszoba-a-130-eves-vaci-muzeum-oroksege\\\/\"]}]},{\"@type\":\"ImageObject\",\"inLanguage\":\"en-GB\",\"@id\":\"https:\\\/\\\/muzeumvac.hu\\\/esemenyek\\\/tragor-ignac-emlekszoba-a-130-eves-vaci-muzeum-oroksege\\\/#primaryimage\",\"url\":\"https:\\\/\\\/muzeumvac.hu\\\/wp-content\\\/uploads\\\/2026\\\/04\\\/MEGHIVO-Tragor-emlekszoba.jpg\",\"contentUrl\":\"https:\\\/\\\/muzeumvac.hu\\\/wp-content\\\/uploads\\\/2026\\\/04\\\/MEGHIVO-Tragor-emlekszoba.jpg\",\"width\":1683,\"height\":1190},{\"@type\":\"BreadcrumbList\",\"@id\":\"https:\\\/\\\/muzeumvac.hu\\\/esemenyek\\\/tragor-ignac-emlekszoba-a-130-eves-vaci-muzeum-oroksege\\\/#breadcrumb\",\"itemListElement\":[{\"@type\":\"ListItem\",\"position\":1,\"name\":\"Kezd\u0151lap\",\"item\":\"https:\\\/\\\/muzeumvac.hu\\\/\"},{\"@type\":\"ListItem\",\"position\":2,\"name\":\"Esem\u00e9nyek\",\"item\":\"https:\\\/\\\/muzeumvac.hu\\\/esemenyek\\\/\"},{\"@type\":\"ListItem\",\"position\":3,\"name\":\"Tragor Ign\u00e1c eml\u00e9kszoba &#8211; A 130 \u00e9ves v\u00e1ci m\u00fazeum \u00f6r\u00f6ks\u00e9ge\"}]},{\"@type\":\"WebSite\",\"@id\":\"https:\\\/\\\/muzeumvac.hu\\\/#website\",\"url\":\"https:\\\/\\\/muzeumvac.hu\\\/\",\"name\":\"TRAGOR IGN\u00c1C M\u00daZEUM \u2022 V\u00c1C\",\"description\":\"Egy m\u00fazeum, ezer \u00e9lm\u00e9ny!\",\"publisher\":{\"@id\":\"https:\\\/\\\/muzeumvac.hu\\\/#organization\"},\"potentialAction\":[{\"@type\":\"SearchAction\",\"target\":{\"@type\":\"EntryPoint\",\"urlTemplate\":\"https:\\\/\\\/muzeumvac.hu\\\/?s={search_term_string}\"},\"query-input\":{\"@type\":\"PropertyValueSpecification\",\"valueRequired\":true,\"valueName\":\"search_term_string\"}}],\"inLanguage\":\"en-GB\"},{\"@type\":\"Organization\",\"@id\":\"https:\\\/\\\/muzeumvac.hu\\\/#organization\",\"name\":\"TRAGOR IGN\u00c1C M\u00daZEUM \u2022 V\u00c1C\",\"url\":\"https:\\\/\\\/muzeumvac.hu\\\/\",\"logo\":{\"@type\":\"ImageObject\",\"inLanguage\":\"en-GB\",\"@id\":\"https:\\\/\\\/muzeumvac.hu\\\/#\\\/schema\\\/logo\\\/image\\\/\",\"url\":\"https:\\\/\\\/muzeumvac.hu\\\/wp-content\\\/uploads\\\/2025\\\/07\\\/tragor_ignac_logo.png\",\"contentUrl\":\"https:\\\/\\\/muzeumvac.hu\\\/wp-content\\\/uploads\\\/2025\\\/07\\\/tragor_ignac_logo.png\",\"width\":161,\"height\":126,\"caption\":\"TRAGOR IGN\u00c1C M\u00daZEUM \u2022 V\u00c1C\"},\"image\":{\"@id\":\"https:\\\/\\\/muzeumvac.hu\\\/#\\\/schema\\\/logo\\\/image\\\/\"},\"sameAs\":[\"https:\\\/\\\/www.facebook.com\\\/vac.tragorignacmuzeum\",\"https:\\\/\\\/www.instagram.com\\\/tragormuzeum\",\"https:\\\/\\\/www.youtube.com\\\/@TragorIgncMzeum-vac\"]}]}<\/script>\n<!-- \/ Yoast SEO Premium plugin. -->","yoast_head_json":{"title":"Tragor Ign\u00e1c eml\u00e9kszoba - A 130 \u00e9ves v\u00e1ci m\u00fazeum \u00f6r\u00f6ks\u00e9ge - TRAGOR IGN\u00c1C M\u00daZEUM \u2022 V\u00c1C","robots":{"index":"index","follow":"follow","max-snippet":"max-snippet:-1","max-image-preview":"max-image-preview:large","max-video-preview":"max-video-preview:-1"},"canonical":"https:\/\/muzeumvac.hu\/en\/esemenyek\/tragor-ignac-emlekszoba-a-130-eves-vaci-muzeum-oroksege\/","og_locale":"en_GB","og_type":"article","og_title":"Tragor Ign\u00e1c eml\u00e9kszoba - A 130 \u00e9ves v\u00e1ci m\u00fazeum \u00f6r\u00f6ks\u00e9ge","og_description":"MEGH\u00cdV\u00d3 A Tragor Ign\u00e1c M\u00fazeum szeretettel megh\u00edvja \u00d6nt \u00e9s csal\u00e1dj\u00e1t a a TIM 130 eml\u00e9k\u00e9v nyit\u00f3esem\u00e9ny\u00e9re, a Tragor Ign\u00e1c eml\u00e9kszoba megnyit\u00f3 \u00fcnneps\u00e9g\u00e9re. Helysz\u00edn: Tragor Ign\u00e1c M\u00fazeum &#8211; Elef\u00e1ntos H\u00e1z V\u00e1c, [&hellip;]","og_url":"https:\/\/muzeumvac.hu\/en\/esemenyek\/tragor-ignac-emlekszoba-a-130-eves-vaci-muzeum-oroksege\/","og_site_name":"TRAGOR IGN\u00c1C M\u00daZEUM \u2022 V\u00c1C","article_publisher":"https:\/\/www.facebook.com\/vac.tragorignacmuzeum","og_image":[{"width":1683,"height":1190,"url":"https:\/\/muzeumvac.hu\/wp-content\/uploads\/2026\/04\/MEGHIVO-Tragor-emlekszoba.jpg","type":"image\/jpeg"}],"twitter_card":"summary_large_image","twitter_misc":{"Estimated reading time":"1 minute"},"schema":{"@context":"https:\/\/schema.org","@graph":[{"@type":"WebPage","@id":"https:\/\/muzeumvac.hu\/esemenyek\/tragor-ignac-emlekszoba-a-130-eves-vaci-muzeum-oroksege\/","url":"https:\/\/muzeumvac.hu\/esemenyek\/tragor-ignac-emlekszoba-a-130-eves-vaci-muzeum-oroksege\/","name":"Tragor Ign\u00e1c eml\u00e9kszoba - A 130 \u00e9ves v\u00e1ci m\u00fazeum \u00f6r\u00f6ks\u00e9ge - TRAGOR IGN\u00c1C M\u00daZEUM \u2022 V\u00c1C","isPartOf":{"@id":"https:\/\/muzeumvac.hu\/#website"},"primaryImageOfPage":{"@id":"https:\/\/muzeumvac.hu\/esemenyek\/tragor-ignac-emlekszoba-a-130-eves-vaci-muzeum-oroksege\/#primaryimage"},"image":{"@id":"https:\/\/muzeumvac.hu\/esemenyek\/tragor-ignac-emlekszoba-a-130-eves-vaci-muzeum-oroksege\/#primaryimage"},"thumbnailUrl":"https:\/\/muzeumvac.hu\/wp-content\/uploads\/2026\/04\/MEGHIVO-Tragor-emlekszoba.jpg","datePublished":"2026-04-30T07:40:38+00:00","breadcrumb":{"@id":"https:\/\/muzeumvac.hu\/esemenyek\/tragor-ignac-emlekszoba-a-130-eves-vaci-muzeum-oroksege\/#breadcrumb"},"inLanguage":"en-GB","potentialAction":[{"@type":"ReadAction","target":["https:\/\/muzeumvac.hu\/esemenyek\/tragor-ignac-emlekszoba-a-130-eves-vaci-muzeum-oroksege\/"]}]},{"@type":"ImageObject","inLanguage":"en-GB","@id":"https:\/\/muzeumvac.hu\/esemenyek\/tragor-ignac-emlekszoba-a-130-eves-vaci-muzeum-oroksege\/#primaryimage","url":"https:\/\/muzeumvac.hu\/wp-content\/uploads\/2026\/04\/MEGHIVO-Tragor-emlekszoba.jpg","contentUrl":"https:\/\/muzeumvac.hu\/wp-content\/uploads\/2026\/04\/MEGHIVO-Tragor-emlekszoba.jpg","width":1683,"height":1190},{"@type":"BreadcrumbList","@id":"https:\/\/muzeumvac.hu\/esemenyek\/tragor-ignac-emlekszoba-a-130-eves-vaci-muzeum-oroksege\/#breadcrumb","itemListElement":[{"@type":"ListItem","position":1,"name":"Kezd\u0151lap","item":"https:\/\/muzeumvac.hu\/"},{"@type":"ListItem","position":2,"name":"Esem\u00e9nyek","item":"https:\/\/muzeumvac.hu\/esemenyek\/"},{"@type":"ListItem","position":3,"name":"Tragor Ign\u00e1c eml\u00e9kszoba &#8211; A 130 \u00e9ves v\u00e1ci m\u00fazeum \u00f6r\u00f6ks\u00e9ge"}]},{"@type":"WebSite","@id":"https:\/\/muzeumvac.hu\/#website","url":"https:\/\/muzeumvac.hu\/","name":"TRAGOR IGN\u00c1C M\u00daZEUM \u2022 V\u00c1C","description":"One museum, a thousand experiences!","publisher":{"@id":"https:\/\/muzeumvac.hu\/#organization"},"potentialAction":[{"@type":"SearchAction","target":{"@type":"EntryPoint","urlTemplate":"https:\/\/muzeumvac.hu\/?s={search_term_string}"},"query-input":{"@type":"PropertyValueSpecification","valueRequired":true,"valueName":"search_term_string"}}],"inLanguage":"en-GB"},{"@type":"Organization","@id":"https:\/\/muzeumvac.hu\/#organization","name":"TRAGOR IGN\u00c1C M\u00daZEUM \u2022 V\u00c1C","url":"https:\/\/muzeumvac.hu\/","logo":{"@type":"ImageObject","inLanguage":"en-GB","@id":"https:\/\/muzeumvac.hu\/#\/schema\/logo\/image\/","url":"https:\/\/muzeumvac.hu\/wp-content\/uploads\/2025\/07\/tragor_ignac_logo.png","contentUrl":"https:\/\/muzeumvac.hu\/wp-content\/uploads\/2025\/07\/tragor_ignac_logo.png","width":161,"height":126,"caption":"TRAGOR IGN\u00c1C M\u00daZEUM \u2022 V\u00c1C"},"image":{"@id":"https:\/\/muzeumvac.hu\/#\/schema\/logo\/image\/"},"sameAs":["https:\/\/www.facebook.com\/vac.tragorignacmuzeum","https:\/\/www.instagram.com\/tragormuzeum","https:\/\/www.youtube.com\/@TragorIgncMzeum-vac"]}]}},"_links":{"self":[{"href":"https:\/\/muzeumvac.hu\/en\/wp-json\/wp\/v2\/tribe_events\/6402","targetHints":{"allow":["GET"]}}],"collection":[{"href":"https:\/\/muzeumvac.hu\/en\/wp-json\/wp\/v2\/tribe_events"}],"about":[{"href":"https:\/\/muzeumvac.hu\/en\/wp-json\/wp\/v2\/types\/tribe_events"}],"author":[{"embeddable":true,"href":"https:\/\/muzeumvac.hu\/en\/wp-json\/wp\/v2\/users\/1"}],"version-history":[{"count":1,"href":"https:\/\/muzeumvac.hu\/en\/wp-json\/wp\/v2\/tribe_events\/6402\/revisions"}],"predecessor-version":[{"id":6404,"href":"https:\/\/muzeumvac.hu\/en\/wp-json\/wp\/v2\/tribe_events\/6402\/revisions\/6404"}],"wp:featuredmedia":[{"embeddable":true,"href":"https:\/\/muzeumvac.hu\/en\/wp-json\/wp\/v2\/media\/6403"}],"wp:attachment":[{"href":"https:\/\/muzeumvac.hu\/en\/wp-json\/wp\/v2\/media?parent=6402"}],"wp:term":[{"taxonomy":"post_tag","embeddable":true,"href":"https:\/\/muzeumvac.hu\/en\/wp-json\/wp\/v2\/tags?post=6402"},{"taxonomy":"tribe_events_cat","embeddable":true,"href":"https:\/\/muzeumvac.hu\/en\/wp-json\/wp\/v2\/tribe_events_cat?post=6402"}],"curies":[{"name":"wp","href":"https:\/\/api.w.org\/{rel}","templated":true}]}}