{"id":5946,"date":"2026-02-27T13:29:03","date_gmt":"2026-02-27T12:29:03","guid":{"rendered":"https:\/\/muzeumvac.hu\/?post_type=tribe_events&#038;p=5946"},"modified":"2026-02-27T13:29:03","modified_gmt":"2026-02-27T12:29:03","slug":"akvarell-festes-tegnap-es-ma-workshop-toth-angelika-festomuvesszel","status":"publish","type":"tribe_events","link":"https:\/\/muzeumvac.hu\/en\/esemenyek\/akvarell-festes-tegnap-es-ma-workshop-toth-angelika-festomuvesszel\/","title":{"rendered":"Akvarell fest\u00e9s tegnap \u00e9s ma &#8211; Workshop T\u00f3th Angelika fest\u0151m\u0171v\u00e9sszel"},"content":{"rendered":"<div class=\"xdj266r x14z9mp xat24cr x1lziwak x1vvkbs\">Tapasztald meg az akvarellez\u00e9s k\u00f6nnyeds\u00e9g\u00e9t!<br class=\"html-br\" \/>Ha mindig is szerett\u00e9l volna elmer\u00fclni az akvarell fest\u00e9s felszabad\u00edt\u00f3 \u00e9lm\u00e9ny\u00e9ben, de egyed\u00fcl nem mert\u00e9l nekiv\u00e1gni, ez egy j\u00f3 alkalom arra, hogy professzion\u00e1lis vezet\u00e9ssel pr\u00f3b\u00e1ld ki a technik\u00e1t. Az alkot\u00e1sban T\u00f3th Angelika hivat\u00e1sos fest\u0151m\u0171v\u00e9sz lesz seg\u00edts\u00e9gedre.<\/div>\n<div><\/div>\n<div class=\"x14z9mp xat24cr x1lziwak x1vvkbs xtlvy1s\">Mi v\u00e1r r\u00e1d?<br class=\"html-br\" \/>Egy inspir\u00e1l\u00f3, k\u00f6z\u00f6s \u00e9lm\u00e9ny, ahol a t\u00e1jk\u00e9p, a csend\u00e9let, illetve egy el\u0151re felv\u00e1zolt t\u00e9ma ment\u00e9n tanulhatod az akvarellez\u00e9st, a hagyom\u00e1nyost\u00f3l eg\u00e9szen a modernkori v\u00edzfest\u00e9sig. Az alkot\u00e1s mellett f\u00f3kuszba ker\u00fcl a figyelem fontoss\u00e1ga, a term\u00e9szet ir\u00e1nti \u00e9rz\u00e9keny l\u00e1t\u00e1sm\u00f3d, valamint m\u0171v\u00e9szett\u00f6rt\u00e9neti \u00e9rdekess\u00e9gekkel is gazdagodhatsz majd.<\/div>\n<div><\/div>\n<div class=\"x14z9mp xat24cr x1lziwak x1vvkbs xtlvy1s\">Szeretettel v\u00e1runk minden m\u0171v\u00e9szet bar\u00e1tot \u00e9s k\u00eds\u00e9rletezni v\u00e1gy\u00f3 \u00e9rdekl\u0151d\u0151t, egy k\u00f6z\u00f6s, m\u00e1jusi kreat\u00edv programra.<br class=\"html-br\" \/>Aj\u00e1nlott \u00e9letkor: Feln\u0151tteknek \u00e9s gyerekeknek (9\u201310 \u00e9ves kort\u00f3l)<br class=\"html-br\" \/>Id\u0151pont: 2026. m\u00e1jus 2. (szombat) 14:00\u201317:00<br class=\"html-br\" \/>Helysz\u00edn: Elef\u00e1ntos H\u00e1z, Tragor Ign\u00e1c M\u00fazeum, V\u00e1c (2600 V\u00e1c, M\u00e1rcius 15. t\u00e9r 23.)<br class=\"html-br\" \/>A foglalkoz\u00e1s d\u00edja: 10.000 Ft\/f\u0151<br class=\"html-br\" \/>A jegyek megv\u00e1lthat\u00f3ak a Memento Mori Ki\u00e1ll\u00edt\u00f3helyen<\/div>\n<div class=\"x14z9mp xat24cr x1lziwak x1vvkbs xtlvy1s\">Limit\u00e1lt l\u00e9tsz\u00e1m: Max 15 f\u0151<\/div>","protected":false},"excerpt":{"rendered":"<p>Tapasztald meg az akvarellez\u00e9s k\u00f6nnyeds\u00e9g\u00e9t!Ha mindig is szerett\u00e9l volna elmer\u00fclni az akvarell fest\u00e9s felszabad\u00edt\u00f3 \u00e9lm\u00e9ny\u00e9ben, de egyed\u00fcl nem mert\u00e9l nekiv\u00e1gni, ez egy j\u00f3 alkalom arra, hogy professzion\u00e1lis vezet\u00e9ssel pr\u00f3b\u00e1ld ki [&hellip;]<\/p>\n","protected":false},"author":1,"featured_media":5947,"template":"","meta":{"_et_pb_use_builder":"","_et_pb_old_content":"","_et_gb_content_width":"","_tribe_events_status":"","_tribe_events_status_reason":"","footnotes":""},"tags":[],"tribe_events_cat":[8],"class_list":["post-5946","tribe_events","type-tribe_events","status-publish","has-post-thumbnail","hentry","tribe_events_cat-esemeny","cat_esemeny"],"yoast_head":"<!-- This site is optimized with the Yoast SEO Premium plugin v27.4 (Yoast SEO v27.5) - https:\/\/yoast.com\/product\/yoast-seo-premium-wordpress\/ -->\n<title>Akvarell fest\u00e9s tegnap \u00e9s ma - Workshop T\u00f3th Angelika fest\u0151m\u0171v\u00e9sszel - TRAGOR IGN\u00c1C M\u00daZEUM \u2022 V\u00c1C<\/title>\n<meta name=\"robots\" content=\"index, follow, max-snippet:-1, max-image-preview:large, max-video-preview:-1\" \/>\n<link rel=\"canonical\" href=\"https:\/\/muzeumvac.hu\/en\/esemenyek\/akvarell-festes-tegnap-es-ma-workshop-toth-angelika-festomuvesszel\/\" \/>\n<meta property=\"og:locale\" content=\"en_GB\" \/>\n<meta property=\"og:type\" content=\"article\" \/>\n<meta property=\"og:title\" content=\"Akvarell fest\u00e9s tegnap \u00e9s ma - Workshop T\u00f3th Angelika fest\u0151m\u0171v\u00e9sszel\" \/>\n<meta property=\"og:description\" content=\"Tapasztald meg az akvarellez\u00e9s k\u00f6nnyeds\u00e9g\u00e9t!Ha mindig is szerett\u00e9l volna elmer\u00fclni az akvarell fest\u00e9s felszabad\u00edt\u00f3 \u00e9lm\u00e9ny\u00e9ben, de egyed\u00fcl nem mert\u00e9l nekiv\u00e1gni, ez egy j\u00f3 alkalom arra, hogy professzion\u00e1lis vezet\u00e9ssel pr\u00f3b\u00e1ld ki [&hellip;]\" \/>\n<meta property=\"og:url\" content=\"https:\/\/muzeumvac.hu\/en\/esemenyek\/akvarell-festes-tegnap-es-ma-workshop-toth-angelika-festomuvesszel\/\" \/>\n<meta property=\"og:site_name\" content=\"TRAGOR IGN\u00c1C M\u00daZEUM \u2022 V\u00c1C\" \/>\n<meta property=\"article:publisher\" content=\"https:\/\/www.facebook.com\/vac.tragorignacmuzeum\" \/>\n<meta property=\"og:image\" content=\"https:\/\/muzeumvac.hu\/wp-content\/uploads\/2026\/02\/Akvarell-workshop.jpg\" \/>\n\t<meta property=\"og:image:width\" content=\"1640\" \/>\n\t<meta property=\"og:image:height\" content=\"924\" \/>\n\t<meta property=\"og:image:type\" content=\"image\/jpeg\" \/>\n<meta name=\"twitter:card\" content=\"summary_large_image\" \/>\n<meta name=\"twitter:label1\" content=\"Estimated reading time\" \/>\n\t<meta name=\"twitter:data1\" content=\"1 minute\" \/>\n<script type=\"application\/ld+json\" class=\"yoast-schema-graph\">{\"@context\":\"https:\\\/\\\/schema.org\",\"@graph\":[{\"@type\":\"WebPage\",\"@id\":\"https:\\\/\\\/muzeumvac.hu\\\/esemenyek\\\/akvarell-festes-tegnap-es-ma-workshop-toth-angelika-festomuvesszel\\\/\",\"url\":\"https:\\\/\\\/muzeumvac.hu\\\/esemenyek\\\/akvarell-festes-tegnap-es-ma-workshop-toth-angelika-festomuvesszel\\\/\",\"name\":\"Akvarell fest\u00e9s tegnap \u00e9s ma - Workshop T\u00f3th Angelika fest\u0151m\u0171v\u00e9sszel - TRAGOR IGN\u00c1C M\u00daZEUM \u2022 V\u00c1C\",\"isPartOf\":{\"@id\":\"https:\\\/\\\/muzeumvac.hu\\\/#website\"},\"primaryImageOfPage\":{\"@id\":\"https:\\\/\\\/muzeumvac.hu\\\/esemenyek\\\/akvarell-festes-tegnap-es-ma-workshop-toth-angelika-festomuvesszel\\\/#primaryimage\"},\"image\":{\"@id\":\"https:\\\/\\\/muzeumvac.hu\\\/esemenyek\\\/akvarell-festes-tegnap-es-ma-workshop-toth-angelika-festomuvesszel\\\/#primaryimage\"},\"thumbnailUrl\":\"https:\\\/\\\/muzeumvac.hu\\\/wp-content\\\/uploads\\\/2026\\\/02\\\/Akvarell-workshop.jpg\",\"datePublished\":\"2026-02-27T12:29:03+00:00\",\"breadcrumb\":{\"@id\":\"https:\\\/\\\/muzeumvac.hu\\\/esemenyek\\\/akvarell-festes-tegnap-es-ma-workshop-toth-angelika-festomuvesszel\\\/#breadcrumb\"},\"inLanguage\":\"en-GB\",\"potentialAction\":[{\"@type\":\"ReadAction\",\"target\":[\"https:\\\/\\\/muzeumvac.hu\\\/esemenyek\\\/akvarell-festes-tegnap-es-ma-workshop-toth-angelika-festomuvesszel\\\/\"]}]},{\"@type\":\"ImageObject\",\"inLanguage\":\"en-GB\",\"@id\":\"https:\\\/\\\/muzeumvac.hu\\\/esemenyek\\\/akvarell-festes-tegnap-es-ma-workshop-toth-angelika-festomuvesszel\\\/#primaryimage\",\"url\":\"https:\\\/\\\/muzeumvac.hu\\\/wp-content\\\/uploads\\\/2026\\\/02\\\/Akvarell-workshop.jpg\",\"contentUrl\":\"https:\\\/\\\/muzeumvac.hu\\\/wp-content\\\/uploads\\\/2026\\\/02\\\/Akvarell-workshop.jpg\",\"width\":1640,\"height\":924},{\"@type\":\"BreadcrumbList\",\"@id\":\"https:\\\/\\\/muzeumvac.hu\\\/esemenyek\\\/akvarell-festes-tegnap-es-ma-workshop-toth-angelika-festomuvesszel\\\/#breadcrumb\",\"itemListElement\":[{\"@type\":\"ListItem\",\"position\":1,\"name\":\"Kezd\u0151lap\",\"item\":\"https:\\\/\\\/muzeumvac.hu\\\/\"},{\"@type\":\"ListItem\",\"position\":2,\"name\":\"Esem\u00e9nyek\",\"item\":\"https:\\\/\\\/muzeumvac.hu\\\/esemenyek\\\/\"},{\"@type\":\"ListItem\",\"position\":3,\"name\":\"Akvarell fest\u00e9s tegnap \u00e9s ma &#8211; Workshop T\u00f3th Angelika fest\u0151m\u0171v\u00e9sszel\"}]},{\"@type\":\"WebSite\",\"@id\":\"https:\\\/\\\/muzeumvac.hu\\\/#website\",\"url\":\"https:\\\/\\\/muzeumvac.hu\\\/\",\"name\":\"TRAGOR IGN\u00c1C M\u00daZEUM \u2022 V\u00c1C\",\"description\":\"Egy m\u00fazeum, ezer \u00e9lm\u00e9ny!\",\"publisher\":{\"@id\":\"https:\\\/\\\/muzeumvac.hu\\\/#organization\"},\"potentialAction\":[{\"@type\":\"SearchAction\",\"target\":{\"@type\":\"EntryPoint\",\"urlTemplate\":\"https:\\\/\\\/muzeumvac.hu\\\/?s={search_term_string}\"},\"query-input\":{\"@type\":\"PropertyValueSpecification\",\"valueRequired\":true,\"valueName\":\"search_term_string\"}}],\"inLanguage\":\"en-GB\"},{\"@type\":\"Organization\",\"@id\":\"https:\\\/\\\/muzeumvac.hu\\\/#organization\",\"name\":\"TRAGOR IGN\u00c1C M\u00daZEUM \u2022 V\u00c1C\",\"url\":\"https:\\\/\\\/muzeumvac.hu\\\/\",\"logo\":{\"@type\":\"ImageObject\",\"inLanguage\":\"en-GB\",\"@id\":\"https:\\\/\\\/muzeumvac.hu\\\/#\\\/schema\\\/logo\\\/image\\\/\",\"url\":\"https:\\\/\\\/muzeumvac.hu\\\/wp-content\\\/uploads\\\/2025\\\/07\\\/tragor_ignac_logo.png\",\"contentUrl\":\"https:\\\/\\\/muzeumvac.hu\\\/wp-content\\\/uploads\\\/2025\\\/07\\\/tragor_ignac_logo.png\",\"width\":161,\"height\":126,\"caption\":\"TRAGOR IGN\u00c1C M\u00daZEUM \u2022 V\u00c1C\"},\"image\":{\"@id\":\"https:\\\/\\\/muzeumvac.hu\\\/#\\\/schema\\\/logo\\\/image\\\/\"},\"sameAs\":[\"https:\\\/\\\/www.facebook.com\\\/vac.tragorignacmuzeum\",\"https:\\\/\\\/www.instagram.com\\\/tragormuzeum\",\"https:\\\/\\\/www.youtube.com\\\/@TragorIgncMzeum-vac\"]}]}<\/script>\n<!-- \/ Yoast SEO Premium plugin. -->","yoast_head_json":{"title":"Akvarell fest\u00e9s tegnap \u00e9s ma - Workshop T\u00f3th Angelika fest\u0151m\u0171v\u00e9sszel - TRAGOR IGN\u00c1C M\u00daZEUM \u2022 V\u00c1C","robots":{"index":"index","follow":"follow","max-snippet":"max-snippet:-1","max-image-preview":"max-image-preview:large","max-video-preview":"max-video-preview:-1"},"canonical":"https:\/\/muzeumvac.hu\/en\/esemenyek\/akvarell-festes-tegnap-es-ma-workshop-toth-angelika-festomuvesszel\/","og_locale":"en_GB","og_type":"article","og_title":"Akvarell fest\u00e9s tegnap \u00e9s ma - Workshop T\u00f3th Angelika fest\u0151m\u0171v\u00e9sszel","og_description":"Tapasztald meg az akvarellez\u00e9s k\u00f6nnyeds\u00e9g\u00e9t!Ha mindig is szerett\u00e9l volna elmer\u00fclni az akvarell fest\u00e9s felszabad\u00edt\u00f3 \u00e9lm\u00e9ny\u00e9ben, de egyed\u00fcl nem mert\u00e9l nekiv\u00e1gni, ez egy j\u00f3 alkalom arra, hogy professzion\u00e1lis vezet\u00e9ssel pr\u00f3b\u00e1ld ki [&hellip;]","og_url":"https:\/\/muzeumvac.hu\/en\/esemenyek\/akvarell-festes-tegnap-es-ma-workshop-toth-angelika-festomuvesszel\/","og_site_name":"TRAGOR IGN\u00c1C M\u00daZEUM \u2022 V\u00c1C","article_publisher":"https:\/\/www.facebook.com\/vac.tragorignacmuzeum","og_image":[{"width":1640,"height":924,"url":"https:\/\/muzeumvac.hu\/wp-content\/uploads\/2026\/02\/Akvarell-workshop.jpg","type":"image\/jpeg"}],"twitter_card":"summary_large_image","twitter_misc":{"Estimated reading time":"1 minute"},"schema":{"@context":"https:\/\/schema.org","@graph":[{"@type":"WebPage","@id":"https:\/\/muzeumvac.hu\/esemenyek\/akvarell-festes-tegnap-es-ma-workshop-toth-angelika-festomuvesszel\/","url":"https:\/\/muzeumvac.hu\/esemenyek\/akvarell-festes-tegnap-es-ma-workshop-toth-angelika-festomuvesszel\/","name":"Akvarell fest\u00e9s tegnap \u00e9s ma - Workshop T\u00f3th Angelika fest\u0151m\u0171v\u00e9sszel - TRAGOR IGN\u00c1C M\u00daZEUM \u2022 V\u00c1C","isPartOf":{"@id":"https:\/\/muzeumvac.hu\/#website"},"primaryImageOfPage":{"@id":"https:\/\/muzeumvac.hu\/esemenyek\/akvarell-festes-tegnap-es-ma-workshop-toth-angelika-festomuvesszel\/#primaryimage"},"image":{"@id":"https:\/\/muzeumvac.hu\/esemenyek\/akvarell-festes-tegnap-es-ma-workshop-toth-angelika-festomuvesszel\/#primaryimage"},"thumbnailUrl":"https:\/\/muzeumvac.hu\/wp-content\/uploads\/2026\/02\/Akvarell-workshop.jpg","datePublished":"2026-02-27T12:29:03+00:00","breadcrumb":{"@id":"https:\/\/muzeumvac.hu\/esemenyek\/akvarell-festes-tegnap-es-ma-workshop-toth-angelika-festomuvesszel\/#breadcrumb"},"inLanguage":"en-GB","potentialAction":[{"@type":"ReadAction","target":["https:\/\/muzeumvac.hu\/esemenyek\/akvarell-festes-tegnap-es-ma-workshop-toth-angelika-festomuvesszel\/"]}]},{"@type":"ImageObject","inLanguage":"en-GB","@id":"https:\/\/muzeumvac.hu\/esemenyek\/akvarell-festes-tegnap-es-ma-workshop-toth-angelika-festomuvesszel\/#primaryimage","url":"https:\/\/muzeumvac.hu\/wp-content\/uploads\/2026\/02\/Akvarell-workshop.jpg","contentUrl":"https:\/\/muzeumvac.hu\/wp-content\/uploads\/2026\/02\/Akvarell-workshop.jpg","width":1640,"height":924},{"@type":"BreadcrumbList","@id":"https:\/\/muzeumvac.hu\/esemenyek\/akvarell-festes-tegnap-es-ma-workshop-toth-angelika-festomuvesszel\/#breadcrumb","itemListElement":[{"@type":"ListItem","position":1,"name":"Kezd\u0151lap","item":"https:\/\/muzeumvac.hu\/"},{"@type":"ListItem","position":2,"name":"Esem\u00e9nyek","item":"https:\/\/muzeumvac.hu\/esemenyek\/"},{"@type":"ListItem","position":3,"name":"Akvarell fest\u00e9s tegnap \u00e9s ma &#8211; Workshop T\u00f3th Angelika fest\u0151m\u0171v\u00e9sszel"}]},{"@type":"WebSite","@id":"https:\/\/muzeumvac.hu\/#website","url":"https:\/\/muzeumvac.hu\/","name":"TRAGOR IGN\u00c1C M\u00daZEUM \u2022 V\u00c1C","description":"One museum, a thousand experiences!","publisher":{"@id":"https:\/\/muzeumvac.hu\/#organization"},"potentialAction":[{"@type":"SearchAction","target":{"@type":"EntryPoint","urlTemplate":"https:\/\/muzeumvac.hu\/?s={search_term_string}"},"query-input":{"@type":"PropertyValueSpecification","valueRequired":true,"valueName":"search_term_string"}}],"inLanguage":"en-GB"},{"@type":"Organization","@id":"https:\/\/muzeumvac.hu\/#organization","name":"TRAGOR IGN\u00c1C M\u00daZEUM \u2022 V\u00c1C","url":"https:\/\/muzeumvac.hu\/","logo":{"@type":"ImageObject","inLanguage":"en-GB","@id":"https:\/\/muzeumvac.hu\/#\/schema\/logo\/image\/","url":"https:\/\/muzeumvac.hu\/wp-content\/uploads\/2025\/07\/tragor_ignac_logo.png","contentUrl":"https:\/\/muzeumvac.hu\/wp-content\/uploads\/2025\/07\/tragor_ignac_logo.png","width":161,"height":126,"caption":"TRAGOR IGN\u00c1C M\u00daZEUM \u2022 V\u00c1C"},"image":{"@id":"https:\/\/muzeumvac.hu\/#\/schema\/logo\/image\/"},"sameAs":["https:\/\/www.facebook.com\/vac.tragorignacmuzeum","https:\/\/www.instagram.com\/tragormuzeum","https:\/\/www.youtube.com\/@TragorIgncMzeum-vac"]}]}},"_links":{"self":[{"href":"https:\/\/muzeumvac.hu\/en\/wp-json\/wp\/v2\/tribe_events\/5946","targetHints":{"allow":["GET"]}}],"collection":[{"href":"https:\/\/muzeumvac.hu\/en\/wp-json\/wp\/v2\/tribe_events"}],"about":[{"href":"https:\/\/muzeumvac.hu\/en\/wp-json\/wp\/v2\/types\/tribe_events"}],"author":[{"embeddable":true,"href":"https:\/\/muzeumvac.hu\/en\/wp-json\/wp\/v2\/users\/1"}],"version-history":[{"count":2,"href":"https:\/\/muzeumvac.hu\/en\/wp-json\/wp\/v2\/tribe_events\/5946\/revisions"}],"predecessor-version":[{"id":5949,"href":"https:\/\/muzeumvac.hu\/en\/wp-json\/wp\/v2\/tribe_events\/5946\/revisions\/5949"}],"wp:featuredmedia":[{"embeddable":true,"href":"https:\/\/muzeumvac.hu\/en\/wp-json\/wp\/v2\/media\/5947"}],"wp:attachment":[{"href":"https:\/\/muzeumvac.hu\/en\/wp-json\/wp\/v2\/media?parent=5946"}],"wp:term":[{"taxonomy":"post_tag","embeddable":true,"href":"https:\/\/muzeumvac.hu\/en\/wp-json\/wp\/v2\/tags?post=5946"},{"taxonomy":"tribe_events_cat","embeddable":true,"href":"https:\/\/muzeumvac.hu\/en\/wp-json\/wp\/v2\/tribe_events_cat?post=5946"}],"curies":[{"name":"wp","href":"https:\/\/api.w.org\/{rel}","templated":true}]}}