{"id":5936,"date":"2026-02-25T12:24:19","date_gmt":"2026-02-25T11:24:19","guid":{"rendered":"https:\/\/muzeumvac.hu\/?post_type=tribe_events&#038;p=5936"},"modified":"2026-02-25T12:24:19","modified_gmt":"2026-02-25T11:24:19","slug":"meghivo-kortars-vizjelek-akvarell-variaciok","status":"publish","type":"tribe_events","link":"https:\/\/muzeumvac.hu\/en\/esemenyek\/meghivo-kortars-vizjelek-akvarell-variaciok\/","title":{"rendered":"MEGH\u00cdV\u00d3: Kort\u00e1rs V\u00edzjelek &#8211; Akvarell Vari\u00e1ci\u00f3k"},"content":{"rendered":"<p style=\"text-align: center;\"><strong>MEGH\u00cdV\u00d3<\/strong><\/p>\n<p style=\"text-align: center;\">A Tragor Ign\u00e1c M\u00fazeum megh\u00edvja \u00d6nt \u00e9s csal\u00e1dj\u00e1t<\/p>\n<p style=\"text-align: center;\"><strong>KORT\u00c1RS V\u00cdZJELEK \u2013 AKVARELL VARI\u00c1CI\u00d3K<\/strong><\/p>\n<p style=\"text-align: center;\">c\u00edm\u0171 ki\u00e1ll\u00edt\u00e1s megnyit\u00f3 \u00fcnneps\u00e9g\u00e9re<\/p>\n<p style=\"text-align: center;\">Id\u0151pont:<\/p>\n<ol style=\"text-align: center;\" start=\"2026\">\n<li>2026. m\u00e1rcius 21.<\/li>\n<\/ol>\n<p style=\"text-align: center;\">16:00 \u00f3ra<\/p>\n<p style=\"text-align: center;\">K\u00f6sz\u00f6nt\u0151t mond:<\/p>\n<p style=\"text-align: center;\">Matkovich Ilona polg\u00e1rmester<\/p>\n<p style=\"text-align: center;\">Megnyitja:<\/p>\n<p style=\"text-align: center;\">Ga\u00e1l J\u00f3zsef k\u00e9pz\u0151m\u0171v\u00e9sz<\/p>\n<p style=\"text-align: center;\">Helysz\u00edn:<\/p>\n<p style=\"text-align: center;\">2600 V\u00e1c, M\u00e1rcius 15. t\u00e9r 23.<\/p>\n<p style=\"text-align: center;\">TIM \u2013 Elef\u00e1ntos h\u00e1z<\/p>","protected":false},"excerpt":{"rendered":"<p>MEGH\u00cdV\u00d3 A Tragor Ign\u00e1c M\u00fazeum megh\u00edvja \u00d6nt \u00e9s csal\u00e1dj\u00e1t KORT\u00c1RS V\u00cdZJELEK \u2013 AKVARELL VARI\u00c1CI\u00d3K c\u00edm\u0171 ki\u00e1ll\u00edt\u00e1s megnyit\u00f3 \u00fcnneps\u00e9g\u00e9re Id\u0151pont: 2026. m\u00e1rcius 21. 16:00 \u00f3ra K\u00f6sz\u00f6nt\u0151t mond: Matkovich Ilona polg\u00e1rmester Megnyitja: [&hellip;]<\/p>\n","protected":false},"author":1,"featured_media":5937,"template":"","meta":{"_et_pb_use_builder":"","_et_pb_old_content":"","_et_gb_content_width":"","_tribe_events_status":"","_tribe_events_status_reason":"","footnotes":""},"tags":[],"tribe_events_cat":[],"class_list":["post-5936","tribe_events","type-tribe_events","status-publish","has-post-thumbnail","hentry"],"yoast_head":"<!-- This site is optimized with the Yoast SEO Premium plugin v27.4 (Yoast SEO v27.5) - https:\/\/yoast.com\/product\/yoast-seo-premium-wordpress\/ -->\n<title>MEGH\u00cdV\u00d3: Kort\u00e1rs V\u00edzjelek - Akvarell Vari\u00e1ci\u00f3k - TRAGOR IGN\u00c1C M\u00daZEUM \u2022 V\u00c1C<\/title>\n<meta name=\"robots\" content=\"index, follow, max-snippet:-1, max-image-preview:large, max-video-preview:-1\" \/>\n<link rel=\"canonical\" href=\"https:\/\/muzeumvac.hu\/en\/esemenyek\/meghivo-kortars-vizjelek-akvarell-variaciok\/\" \/>\n<meta property=\"og:locale\" content=\"en_GB\" \/>\n<meta property=\"og:type\" content=\"article\" \/>\n<meta property=\"og:title\" content=\"MEGH\u00cdV\u00d3: Kort\u00e1rs V\u00edzjelek - Akvarell Vari\u00e1ci\u00f3k\" \/>\n<meta property=\"og:description\" content=\"MEGH\u00cdV\u00d3 A Tragor Ign\u00e1c M\u00fazeum megh\u00edvja \u00d6nt \u00e9s csal\u00e1dj\u00e1t KORT\u00c1RS V\u00cdZJELEK \u2013 AKVARELL VARI\u00c1CI\u00d3K c\u00edm\u0171 ki\u00e1ll\u00edt\u00e1s megnyit\u00f3 \u00fcnneps\u00e9g\u00e9re Id\u0151pont: 2026. m\u00e1rcius 21. 16:00 \u00f3ra K\u00f6sz\u00f6nt\u0151t mond: Matkovich Ilona polg\u00e1rmester Megnyitja: [&hellip;]\" \/>\n<meta property=\"og:url\" content=\"https:\/\/muzeumvac.hu\/en\/esemenyek\/meghivo-kortars-vizjelek-akvarell-variaciok\/\" \/>\n<meta property=\"og:site_name\" content=\"TRAGOR IGN\u00c1C M\u00daZEUM \u2022 V\u00c1C\" \/>\n<meta property=\"article:publisher\" content=\"https:\/\/www.facebook.com\/vac.tragorignacmuzeum\" \/>\n<meta property=\"og:image\" content=\"https:\/\/muzeumvac.hu\/wp-content\/uploads\/2026\/02\/Akvarell-meghivo-scaled.jpg\" \/>\n\t<meta property=\"og:image:width\" content=\"2560\" \/>\n\t<meta property=\"og:image:height\" content=\"1810\" \/>\n\t<meta property=\"og:image:type\" content=\"image\/jpeg\" \/>\n<meta name=\"twitter:card\" content=\"summary_large_image\" \/>\n<meta name=\"twitter:label1\" content=\"Estimated reading time\" \/>\n\t<meta name=\"twitter:data1\" content=\"1 minute\" \/>\n<script type=\"application\/ld+json\" class=\"yoast-schema-graph\">{\"@context\":\"https:\\\/\\\/schema.org\",\"@graph\":[{\"@type\":\"WebPage\",\"@id\":\"https:\\\/\\\/muzeumvac.hu\\\/esemenyek\\\/meghivo-kortars-vizjelek-akvarell-variaciok\\\/\",\"url\":\"https:\\\/\\\/muzeumvac.hu\\\/esemenyek\\\/meghivo-kortars-vizjelek-akvarell-variaciok\\\/\",\"name\":\"MEGH\u00cdV\u00d3: Kort\u00e1rs V\u00edzjelek - Akvarell Vari\u00e1ci\u00f3k - TRAGOR IGN\u00c1C M\u00daZEUM \u2022 V\u00c1C\",\"isPartOf\":{\"@id\":\"https:\\\/\\\/muzeumvac.hu\\\/#website\"},\"primaryImageOfPage\":{\"@id\":\"https:\\\/\\\/muzeumvac.hu\\\/esemenyek\\\/meghivo-kortars-vizjelek-akvarell-variaciok\\\/#primaryimage\"},\"image\":{\"@id\":\"https:\\\/\\\/muzeumvac.hu\\\/esemenyek\\\/meghivo-kortars-vizjelek-akvarell-variaciok\\\/#primaryimage\"},\"thumbnailUrl\":\"https:\\\/\\\/muzeumvac.hu\\\/wp-content\\\/uploads\\\/2026\\\/02\\\/Akvarell-meghivo-scaled.jpg\",\"datePublished\":\"2026-02-25T11:24:19+00:00\",\"breadcrumb\":{\"@id\":\"https:\\\/\\\/muzeumvac.hu\\\/esemenyek\\\/meghivo-kortars-vizjelek-akvarell-variaciok\\\/#breadcrumb\"},\"inLanguage\":\"en-GB\",\"potentialAction\":[{\"@type\":\"ReadAction\",\"target\":[\"https:\\\/\\\/muzeumvac.hu\\\/esemenyek\\\/meghivo-kortars-vizjelek-akvarell-variaciok\\\/\"]}]},{\"@type\":\"ImageObject\",\"inLanguage\":\"en-GB\",\"@id\":\"https:\\\/\\\/muzeumvac.hu\\\/esemenyek\\\/meghivo-kortars-vizjelek-akvarell-variaciok\\\/#primaryimage\",\"url\":\"https:\\\/\\\/muzeumvac.hu\\\/wp-content\\\/uploads\\\/2026\\\/02\\\/Akvarell-meghivo-scaled.jpg\",\"contentUrl\":\"https:\\\/\\\/muzeumvac.hu\\\/wp-content\\\/uploads\\\/2026\\\/02\\\/Akvarell-meghivo-scaled.jpg\",\"width\":2560,\"height\":1810},{\"@type\":\"BreadcrumbList\",\"@id\":\"https:\\\/\\\/muzeumvac.hu\\\/esemenyek\\\/meghivo-kortars-vizjelek-akvarell-variaciok\\\/#breadcrumb\",\"itemListElement\":[{\"@type\":\"ListItem\",\"position\":1,\"name\":\"Kezd\u0151lap\",\"item\":\"https:\\\/\\\/muzeumvac.hu\\\/\"},{\"@type\":\"ListItem\",\"position\":2,\"name\":\"Esem\u00e9nyek\",\"item\":\"https:\\\/\\\/muzeumvac.hu\\\/esemenyek\\\/\"},{\"@type\":\"ListItem\",\"position\":3,\"name\":\"MEGH\u00cdV\u00d3: Kort\u00e1rs V\u00edzjelek &#8211; Akvarell Vari\u00e1ci\u00f3k\"}]},{\"@type\":\"WebSite\",\"@id\":\"https:\\\/\\\/muzeumvac.hu\\\/#website\",\"url\":\"https:\\\/\\\/muzeumvac.hu\\\/\",\"name\":\"TRAGOR IGN\u00c1C M\u00daZEUM \u2022 V\u00c1C\",\"description\":\"Egy m\u00fazeum, ezer \u00e9lm\u00e9ny!\",\"publisher\":{\"@id\":\"https:\\\/\\\/muzeumvac.hu\\\/#organization\"},\"potentialAction\":[{\"@type\":\"SearchAction\",\"target\":{\"@type\":\"EntryPoint\",\"urlTemplate\":\"https:\\\/\\\/muzeumvac.hu\\\/?s={search_term_string}\"},\"query-input\":{\"@type\":\"PropertyValueSpecification\",\"valueRequired\":true,\"valueName\":\"search_term_string\"}}],\"inLanguage\":\"en-GB\"},{\"@type\":\"Organization\",\"@id\":\"https:\\\/\\\/muzeumvac.hu\\\/#organization\",\"name\":\"TRAGOR IGN\u00c1C M\u00daZEUM \u2022 V\u00c1C\",\"url\":\"https:\\\/\\\/muzeumvac.hu\\\/\",\"logo\":{\"@type\":\"ImageObject\",\"inLanguage\":\"en-GB\",\"@id\":\"https:\\\/\\\/muzeumvac.hu\\\/#\\\/schema\\\/logo\\\/image\\\/\",\"url\":\"https:\\\/\\\/muzeumvac.hu\\\/wp-content\\\/uploads\\\/2025\\\/07\\\/tragor_ignac_logo.png\",\"contentUrl\":\"https:\\\/\\\/muzeumvac.hu\\\/wp-content\\\/uploads\\\/2025\\\/07\\\/tragor_ignac_logo.png\",\"width\":161,\"height\":126,\"caption\":\"TRAGOR IGN\u00c1C M\u00daZEUM \u2022 V\u00c1C\"},\"image\":{\"@id\":\"https:\\\/\\\/muzeumvac.hu\\\/#\\\/schema\\\/logo\\\/image\\\/\"},\"sameAs\":[\"https:\\\/\\\/www.facebook.com\\\/vac.tragorignacmuzeum\",\"https:\\\/\\\/www.instagram.com\\\/tragormuzeum\",\"https:\\\/\\\/www.youtube.com\\\/@TragorIgncMzeum-vac\"]}]}<\/script>\n<!-- \/ Yoast SEO Premium plugin. -->","yoast_head_json":{"title":"MEGH\u00cdV\u00d3: Kort\u00e1rs V\u00edzjelek - Akvarell Vari\u00e1ci\u00f3k - TRAGOR IGN\u00c1C M\u00daZEUM \u2022 V\u00c1C","robots":{"index":"index","follow":"follow","max-snippet":"max-snippet:-1","max-image-preview":"max-image-preview:large","max-video-preview":"max-video-preview:-1"},"canonical":"https:\/\/muzeumvac.hu\/en\/esemenyek\/meghivo-kortars-vizjelek-akvarell-variaciok\/","og_locale":"en_GB","og_type":"article","og_title":"MEGH\u00cdV\u00d3: Kort\u00e1rs V\u00edzjelek - Akvarell Vari\u00e1ci\u00f3k","og_description":"MEGH\u00cdV\u00d3 A Tragor Ign\u00e1c M\u00fazeum megh\u00edvja \u00d6nt \u00e9s csal\u00e1dj\u00e1t KORT\u00c1RS V\u00cdZJELEK \u2013 AKVARELL VARI\u00c1CI\u00d3K c\u00edm\u0171 ki\u00e1ll\u00edt\u00e1s megnyit\u00f3 \u00fcnneps\u00e9g\u00e9re Id\u0151pont: 2026. m\u00e1rcius 21. 16:00 \u00f3ra K\u00f6sz\u00f6nt\u0151t mond: Matkovich Ilona polg\u00e1rmester Megnyitja: [&hellip;]","og_url":"https:\/\/muzeumvac.hu\/en\/esemenyek\/meghivo-kortars-vizjelek-akvarell-variaciok\/","og_site_name":"TRAGOR IGN\u00c1C M\u00daZEUM \u2022 V\u00c1C","article_publisher":"https:\/\/www.facebook.com\/vac.tragorignacmuzeum","og_image":[{"width":2560,"height":1810,"url":"https:\/\/muzeumvac.hu\/wp-content\/uploads\/2026\/02\/Akvarell-meghivo-scaled.jpg","type":"image\/jpeg"}],"twitter_card":"summary_large_image","twitter_misc":{"Estimated reading time":"1 minute"},"schema":{"@context":"https:\/\/schema.org","@graph":[{"@type":"WebPage","@id":"https:\/\/muzeumvac.hu\/esemenyek\/meghivo-kortars-vizjelek-akvarell-variaciok\/","url":"https:\/\/muzeumvac.hu\/esemenyek\/meghivo-kortars-vizjelek-akvarell-variaciok\/","name":"MEGH\u00cdV\u00d3: Kort\u00e1rs V\u00edzjelek - Akvarell Vari\u00e1ci\u00f3k - TRAGOR IGN\u00c1C M\u00daZEUM \u2022 V\u00c1C","isPartOf":{"@id":"https:\/\/muzeumvac.hu\/#website"},"primaryImageOfPage":{"@id":"https:\/\/muzeumvac.hu\/esemenyek\/meghivo-kortars-vizjelek-akvarell-variaciok\/#primaryimage"},"image":{"@id":"https:\/\/muzeumvac.hu\/esemenyek\/meghivo-kortars-vizjelek-akvarell-variaciok\/#primaryimage"},"thumbnailUrl":"https:\/\/muzeumvac.hu\/wp-content\/uploads\/2026\/02\/Akvarell-meghivo-scaled.jpg","datePublished":"2026-02-25T11:24:19+00:00","breadcrumb":{"@id":"https:\/\/muzeumvac.hu\/esemenyek\/meghivo-kortars-vizjelek-akvarell-variaciok\/#breadcrumb"},"inLanguage":"en-GB","potentialAction":[{"@type":"ReadAction","target":["https:\/\/muzeumvac.hu\/esemenyek\/meghivo-kortars-vizjelek-akvarell-variaciok\/"]}]},{"@type":"ImageObject","inLanguage":"en-GB","@id":"https:\/\/muzeumvac.hu\/esemenyek\/meghivo-kortars-vizjelek-akvarell-variaciok\/#primaryimage","url":"https:\/\/muzeumvac.hu\/wp-content\/uploads\/2026\/02\/Akvarell-meghivo-scaled.jpg","contentUrl":"https:\/\/muzeumvac.hu\/wp-content\/uploads\/2026\/02\/Akvarell-meghivo-scaled.jpg","width":2560,"height":1810},{"@type":"BreadcrumbList","@id":"https:\/\/muzeumvac.hu\/esemenyek\/meghivo-kortars-vizjelek-akvarell-variaciok\/#breadcrumb","itemListElement":[{"@type":"ListItem","position":1,"name":"Kezd\u0151lap","item":"https:\/\/muzeumvac.hu\/"},{"@type":"ListItem","position":2,"name":"Esem\u00e9nyek","item":"https:\/\/muzeumvac.hu\/esemenyek\/"},{"@type":"ListItem","position":3,"name":"MEGH\u00cdV\u00d3: Kort\u00e1rs V\u00edzjelek &#8211; Akvarell Vari\u00e1ci\u00f3k"}]},{"@type":"WebSite","@id":"https:\/\/muzeumvac.hu\/#website","url":"https:\/\/muzeumvac.hu\/","name":"TRAGOR IGN\u00c1C M\u00daZEUM \u2022 V\u00c1C","description":"One museum, a thousand experiences!","publisher":{"@id":"https:\/\/muzeumvac.hu\/#organization"},"potentialAction":[{"@type":"SearchAction","target":{"@type":"EntryPoint","urlTemplate":"https:\/\/muzeumvac.hu\/?s={search_term_string}"},"query-input":{"@type":"PropertyValueSpecification","valueRequired":true,"valueName":"search_term_string"}}],"inLanguage":"en-GB"},{"@type":"Organization","@id":"https:\/\/muzeumvac.hu\/#organization","name":"TRAGOR IGN\u00c1C M\u00daZEUM \u2022 V\u00c1C","url":"https:\/\/muzeumvac.hu\/","logo":{"@type":"ImageObject","inLanguage":"en-GB","@id":"https:\/\/muzeumvac.hu\/#\/schema\/logo\/image\/","url":"https:\/\/muzeumvac.hu\/wp-content\/uploads\/2025\/07\/tragor_ignac_logo.png","contentUrl":"https:\/\/muzeumvac.hu\/wp-content\/uploads\/2025\/07\/tragor_ignac_logo.png","width":161,"height":126,"caption":"TRAGOR IGN\u00c1C M\u00daZEUM \u2022 V\u00c1C"},"image":{"@id":"https:\/\/muzeumvac.hu\/#\/schema\/logo\/image\/"},"sameAs":["https:\/\/www.facebook.com\/vac.tragorignacmuzeum","https:\/\/www.instagram.com\/tragormuzeum","https:\/\/www.youtube.com\/@TragorIgncMzeum-vac"]}]}},"_links":{"self":[{"href":"https:\/\/muzeumvac.hu\/en\/wp-json\/wp\/v2\/tribe_events\/5936","targetHints":{"allow":["GET"]}}],"collection":[{"href":"https:\/\/muzeumvac.hu\/en\/wp-json\/wp\/v2\/tribe_events"}],"about":[{"href":"https:\/\/muzeumvac.hu\/en\/wp-json\/wp\/v2\/types\/tribe_events"}],"author":[{"embeddable":true,"href":"https:\/\/muzeumvac.hu\/en\/wp-json\/wp\/v2\/users\/1"}],"version-history":[{"count":2,"href":"https:\/\/muzeumvac.hu\/en\/wp-json\/wp\/v2\/tribe_events\/5936\/revisions"}],"predecessor-version":[{"id":5939,"href":"https:\/\/muzeumvac.hu\/en\/wp-json\/wp\/v2\/tribe_events\/5936\/revisions\/5939"}],"wp:featuredmedia":[{"embeddable":true,"href":"https:\/\/muzeumvac.hu\/en\/wp-json\/wp\/v2\/media\/5937"}],"wp:attachment":[{"href":"https:\/\/muzeumvac.hu\/en\/wp-json\/wp\/v2\/media?parent=5936"}],"wp:term":[{"taxonomy":"post_tag","embeddable":true,"href":"https:\/\/muzeumvac.hu\/en\/wp-json\/wp\/v2\/tags?post=5936"},{"taxonomy":"tribe_events_cat","embeddable":true,"href":"https:\/\/muzeumvac.hu\/en\/wp-json\/wp\/v2\/tribe_events_cat?post=5936"}],"curies":[{"name":"wp","href":"https:\/\/api.w.org\/{rel}","templated":true}]}}