{"id":1494,"date":"2025-07-04T17:55:00","date_gmt":"2025-07-04T15:55:00","guid":{"rendered":"https:\/\/muzeumvac.hu\/?page_id=1494"},"modified":"2025-08-21T22:40:15","modified_gmt":"2025-08-21T20:40:15","slug":"az-idotallo-varos-vac-1075-2025","status":"publish","type":"page","link":"https:\/\/muzeumvac.hu\/en\/kiallitasok\/idoszaki-kiallitasok\/az-idotallo-varos-vac-1075-2025\/","title":{"rendered":"The city unshuttered by time - V\u00e1c 1075-2025"},"content":{"rendered":"<p>[et_pb_section fb_built=&#8221;1&#8243; _builder_version=&#8221;4.27.4&#8243; _module_preset=&#8221;default&#8221; global_colors_info=&#8221;{}&#8221;][et_pb_row _builder_version=&#8221;4.27.4&#8243; _module_preset=&#8221;default&#8221; global_colors_info=&#8221;{}&#8221;][et_pb_column type=&#8221;4_4&#8243; _builder_version=&#8221;4.27.4&#8243; _module_preset=&#8221;default&#8221; global_colors_info=&#8221;{}&#8221;][et_pb_image src=&#8221;https:\/\/muzeumvac.hu\/wp-content\/uploads\/2025\/05\/hirek-es-programok.jpg&#8221; title_text=&#8221;M\u00fazeumpedag\u00f3giai foglalkoz\u00e1s&#8221; _builder_version=&#8221;4.27.4&#8243; _module_preset=&#8221;default&#8221; hover_enabled=&#8221;0&#8243; global_colors_info=&#8221;{}&#8221; sticky_enabled=&#8221;0&#8243;][\/et_pb_image][\/et_pb_column][\/et_pb_row][et_pb_row column_structure=&#8221;2_5,3_5&#8243; _builder_version=&#8221;4.27.4&#8243; _module_preset=&#8221;default&#8221; global_colors_info=&#8221;{}&#8221;][et_pb_column type=&#8221;2_5&#8243; _builder_version=&#8221;4.27.4&#8243; _module_preset=&#8221;default&#8221; global_colors_info=&#8221;{}&#8221;][et_pb_text _builder_version=&#8221;4.27.4&#8243; _module_preset=&#8221;default&#8221; global_colors_info=&#8221;{}&#8221;]<\/p>\n<p><strong>A v\u00e1ros, ahol t\u00e1jak, n\u00e9pek, sz\u00e1razf\u00f6ldi \u00e9s v\u00edzi utak mind \u00f6sszefutnak. Szent Istv\u00e1n \u00f3ta p\u00fcsp\u00f6ki sz\u00e9khely. A csodaszarvas, V\u00e1c remete \u00e9s I. G\u00e9za v\u00e1rosa. Hadak d\u00falt\u00e1k fel, term\u00e9szeti csap\u00e1sok s\u00fajtott\u00e1k, de mindig \u00fajj\u00e1\u00e9ledt.<\/strong><\/p>\n<p>[\/et_pb_text][\/et_pb_column][et_pb_column type=&#8221;3_5&#8243; _builder_version=&#8221;4.27.4&#8243; _module_preset=&#8221;default&#8221; global_colors_info=&#8221;{}&#8221;][et_pb_text _builder_version=&#8221;4.27.4&#8243; _module_preset=&#8221;default&#8221; global_colors_info=&#8221;{}&#8221;]<\/p>\n<p>A Duna t\u00f6rt\u00e9nelmi eml\u00e9kekben gazdag barokk \u00e9kk\u00f6ve. A v\u00e1ros, ahol az orsz\u00e1g egyetlen diadal\u00edve \u00e1ll, s ahov\u00e1 az orsz\u00e1g els\u0151 vas\u00fatvonala is meg\u00e9rkezett. \u00c9vsz\u00e1zadok \u00f3ta a kult\u00fara, az ipar \u00e9s a kereskedelem otthona. Nev\u00e9t 950 \u00e9ve \u00edrt\u00e1k le Garamszentbenedeken. 2025-ben ezt \u00fcnnepelj\u00fck!<\/p>\n<p>Ezeknek a sz\u00e1zadoknak \u00e1ll\u00edt eml\u00e9ket a Tragor Ign\u00e1c M\u00fazeum leg\u00fajabb ki\u00e1ll\u00edt\u00e1sa, \u201eAz id\u0151t \u00e1ll\u00f3 v\u00e1ros\u201d. Fedezze fel a k\u00f6z\u00e9pkor, a t\u00f6r\u00f6k h\u00e1bor\u00fak, a barokk \u00e9s a modern id\u0151k legizgalmasabb pillanatait egyetlen ki\u00e1ll\u00edt\u00e1sban!<\/p>\n<p>[\/et_pb_text][\/et_pb_column][\/et_pb_row][et_pb_row _builder_version=&#8221;4.27.4&#8243; _module_preset=&#8221;default&#8221; hover_enabled=&#8221;0&#8243; global_colors_info=&#8221;{}&#8221; background_color=&#8221;RGBA(255,255,255,0)&#8221; sticky_enabled=&#8221;0&#8243;][et_pb_column type=&#8221;4_4&#8243; _builder_version=&#8221;4.27.4&#8243; _module_preset=&#8221;default&#8221; hover_enabled=&#8221;0&#8243; global_colors_info=&#8221;{}&#8221; background_color=&#8221;#ededed&#8221; custom_padding=&#8221;10px|10px|10px|10px|false|false&#8221; sticky_enabled=&#8221;0&#8243;][et_pb_gallery show_title_and_caption=&#8221;off&#8221; _builder_version=&#8221;4.27.4&#8243; _module_preset=&#8221;default&#8221; hover_enabled=&#8221;0&#8243; global_colors_info=&#8221;{}&#8221; show_pagination=&#8221;off&#8221; sticky_enabled=&#8221;0&#8243; gallery_ids=&#8221;433,2391,2031,2389&#8243;][\/et_pb_gallery][\/et_pb_column][\/et_pb_row][et_pb_row _builder_version=&#8221;4.27.4&#8243; _module_preset=&#8221;default&#8221; global_colors_info=&#8221;{}&#8221;][et_pb_column type=&#8221;4_4&#8243; _builder_version=&#8221;4.27.4&#8243; _module_preset=&#8221;default&#8221; global_colors_info=&#8221;{}&#8221;][et_pb_icon font_icon=&#8221;&#x23;||divi||400&#8243; url=&#8221;@ET-DC@eyJkeW5hbWljIjp0cnVlLCJjb250ZW50IjoicG9zdF9saW5rX3VybF9wYWdlIiwic2V0dGluZ3MiOnsicG9zdF9pZCI6IjExNDgifX0=@&#8221; align=&#8221;right&#8221; _builder_version=&#8221;4.27.4&#8243; _dynamic_attributes=&#8221;url&#8221; _module_preset=&#8221;default&#8221; global_colors_info=&#8221;{}&#8221;][\/et_pb_icon][\/et_pb_column][\/et_pb_row][\/et_pb_section]<\/p>\n","protected":false},"excerpt":{"rendered":"<p>A v\u00e1ros, ahol t\u00e1jak, n\u00e9pek, sz\u00e1razf\u00f6ldi \u00e9s v\u00edzi utak mind \u00f6sszefutnak. Szent Istv\u00e1n \u00f3ta p\u00fcsp\u00f6ki sz\u00e9khely. A csodaszarvas, V\u00e1c remete \u00e9s I. G\u00e9za v\u00e1rosa. Hadak d\u00falt\u00e1k fel, term\u00e9szeti csap\u00e1sok s\u00fajtott\u00e1k, [&hellip;]<\/p>\n","protected":false},"author":1,"featured_media":0,"parent":1148,"menu_order":0,"comment_status":"closed","ping_status":"closed","template":"","meta":{"_et_pb_use_builder":"on","_et_pb_old_content":"","_et_gb_content_width":"","footnotes":""},"class_list":["post-1494","page","type-page","status-publish","hentry"],"yoast_head":"<!-- This site is optimized with the Yoast SEO Premium plugin v27.4 (Yoast SEO v27.5) - https:\/\/yoast.com\/product\/yoast-seo-premium-wordpress\/ -->\n<title>Az id\u0151t\u00e1ll\u00f3 v\u00e1ros \u2013 V\u00e1c 1075-2025 - TRAGOR IGN\u00c1C M\u00daZEUM \u2022 V\u00c1C<\/title>\n<meta name=\"description\" content=\"Egy m\u00fazeum, ezer \u00e9lm\u00e9ny!\" \/>\n<meta name=\"robots\" content=\"index, follow, max-snippet:-1, max-image-preview:large, max-video-preview:-1\" \/>\n<link rel=\"canonical\" href=\"https:\/\/muzeumvac.hu\/en\/kiallitasok\/idoszaki-kiallitasok\/az-idotallo-varos-vac-1075-2025\/\" \/>\n<meta property=\"og:locale\" content=\"en_GB\" \/>\n<meta property=\"og:type\" content=\"article\" \/>\n<meta property=\"og:title\" content=\"Az id\u0151t\u00e1ll\u00f3 v\u00e1ros \u2013 V\u00e1c 1075-2025\" \/>\n<meta property=\"og:description\" content=\"Egy m\u00fazeum, ezer \u00e9lm\u00e9ny!\" \/>\n<meta property=\"og:url\" content=\"https:\/\/muzeumvac.hu\/en\/kiallitasok\/idoszaki-kiallitasok\/az-idotallo-varos-vac-1075-2025\/\" \/>\n<meta property=\"og:site_name\" content=\"TRAGOR IGN\u00c1C M\u00daZEUM \u2022 V\u00c1C\" \/>\n<meta property=\"article:publisher\" content=\"https:\/\/www.facebook.com\/vac.tragorignacmuzeum\" \/>\n<meta property=\"article:modified_time\" content=\"2025-08-21T20:40:15+00:00\" \/>\n<meta name=\"twitter:card\" content=\"summary_large_image\" \/>\n<meta name=\"twitter:label1\" content=\"Estimated reading time\" \/>\n\t<meta name=\"twitter:data1\" content=\"2 minutes\" \/>\n<script type=\"application\/ld+json\" class=\"yoast-schema-graph\">{\"@context\":\"https:\\\/\\\/schema.org\",\"@graph\":[{\"@type\":\"WebPage\",\"@id\":\"https:\\\/\\\/muzeumvac.hu\\\/kiallitasok\\\/idoszaki-kiallitasok\\\/az-idotallo-varos-vac-1075-2025\\\/\",\"url\":\"https:\\\/\\\/muzeumvac.hu\\\/kiallitasok\\\/idoszaki-kiallitasok\\\/az-idotallo-varos-vac-1075-2025\\\/\",\"name\":\"Az id\u0151t\u00e1ll\u00f3 v\u00e1ros \u2013 V\u00e1c 1075-2025 - TRAGOR IGN\u00c1C M\u00daZEUM \u2022 V\u00c1C\",\"isPartOf\":{\"@id\":\"https:\\\/\\\/muzeumvac.hu\\\/#website\"},\"datePublished\":\"2025-07-04T15:55:00+00:00\",\"dateModified\":\"2025-08-21T20:40:15+00:00\",\"description\":\"Egy m\u00fazeum, ezer \u00e9lm\u00e9ny!\",\"breadcrumb\":{\"@id\":\"https:\\\/\\\/muzeumvac.hu\\\/kiallitasok\\\/idoszaki-kiallitasok\\\/az-idotallo-varos-vac-1075-2025\\\/#breadcrumb\"},\"inLanguage\":\"en-GB\",\"potentialAction\":[{\"@type\":\"ReadAction\",\"target\":[\"https:\\\/\\\/muzeumvac.hu\\\/kiallitasok\\\/idoszaki-kiallitasok\\\/az-idotallo-varos-vac-1075-2025\\\/\"]}]},{\"@type\":\"BreadcrumbList\",\"@id\":\"https:\\\/\\\/muzeumvac.hu\\\/kiallitasok\\\/idoszaki-kiallitasok\\\/az-idotallo-varos-vac-1075-2025\\\/#breadcrumb\",\"itemListElement\":[{\"@type\":\"ListItem\",\"position\":1,\"name\":\"Kezd\u0151lap\",\"item\":\"https:\\\/\\\/muzeumvac.hu\\\/\"},{\"@type\":\"ListItem\",\"position\":2,\"name\":\"Ki\u00e1ll\u00edt\u00e1sok\",\"item\":\"https:\\\/\\\/muzeumvac.hu\\\/kiallitasok\\\/\"},{\"@type\":\"ListItem\",\"position\":3,\"name\":\"Id\u0151szaki ki\u00e1ll\u00edt\u00e1sok\",\"item\":\"https:\\\/\\\/muzeumvac.hu\\\/kiallitasok\\\/idoszaki-kiallitasok\\\/\"},{\"@type\":\"ListItem\",\"position\":4,\"name\":\"Az id\u0151t\u00e1ll\u00f3 v\u00e1ros \u2013 V\u00e1c 1075-2025\"}]},{\"@type\":\"WebSite\",\"@id\":\"https:\\\/\\\/muzeumvac.hu\\\/#website\",\"url\":\"https:\\\/\\\/muzeumvac.hu\\\/\",\"name\":\"TRAGOR IGN\u00c1C M\u00daZEUM \u2022 V\u00c1C\",\"description\":\"Egy m\u00fazeum, ezer \u00e9lm\u00e9ny!\",\"publisher\":{\"@id\":\"https:\\\/\\\/muzeumvac.hu\\\/#organization\"},\"potentialAction\":[{\"@type\":\"SearchAction\",\"target\":{\"@type\":\"EntryPoint\",\"urlTemplate\":\"https:\\\/\\\/muzeumvac.hu\\\/?s={search_term_string}\"},\"query-input\":{\"@type\":\"PropertyValueSpecification\",\"valueRequired\":true,\"valueName\":\"search_term_string\"}}],\"inLanguage\":\"en-GB\"},{\"@type\":\"Organization\",\"@id\":\"https:\\\/\\\/muzeumvac.hu\\\/#organization\",\"name\":\"TRAGOR IGN\u00c1C M\u00daZEUM \u2022 V\u00c1C\",\"url\":\"https:\\\/\\\/muzeumvac.hu\\\/\",\"logo\":{\"@type\":\"ImageObject\",\"inLanguage\":\"en-GB\",\"@id\":\"https:\\\/\\\/muzeumvac.hu\\\/#\\\/schema\\\/logo\\\/image\\\/\",\"url\":\"https:\\\/\\\/muzeumvac.hu\\\/wp-content\\\/uploads\\\/2025\\\/07\\\/tragor_ignac_logo.png\",\"contentUrl\":\"https:\\\/\\\/muzeumvac.hu\\\/wp-content\\\/uploads\\\/2025\\\/07\\\/tragor_ignac_logo.png\",\"width\":161,\"height\":126,\"caption\":\"TRAGOR IGN\u00c1C M\u00daZEUM \u2022 V\u00c1C\"},\"image\":{\"@id\":\"https:\\\/\\\/muzeumvac.hu\\\/#\\\/schema\\\/logo\\\/image\\\/\"},\"sameAs\":[\"https:\\\/\\\/www.facebook.com\\\/vac.tragorignacmuzeum\",\"https:\\\/\\\/www.instagram.com\\\/tragormuzeum\",\"https:\\\/\\\/www.youtube.com\\\/@TragorIgncMzeum-vac\"]}]}<\/script>\n<!-- \/ Yoast SEO Premium plugin. -->","yoast_head_json":{"title":"Az id\u0151t\u00e1ll\u00f3 v\u00e1ros \u2013 V\u00e1c 1075-2025 - TRAGOR IGN\u00c1C M\u00daZEUM \u2022 V\u00c1C","description":"One museum, a thousand experiences!","robots":{"index":"index","follow":"follow","max-snippet":"max-snippet:-1","max-image-preview":"max-image-preview:large","max-video-preview":"max-video-preview:-1"},"canonical":"https:\/\/muzeumvac.hu\/en\/kiallitasok\/idoszaki-kiallitasok\/az-idotallo-varos-vac-1075-2025\/","og_locale":"en_GB","og_type":"article","og_title":"Az id\u0151t\u00e1ll\u00f3 v\u00e1ros \u2013 V\u00e1c 1075-2025","og_description":"Egy m\u00fazeum, ezer \u00e9lm\u00e9ny!","og_url":"https:\/\/muzeumvac.hu\/en\/kiallitasok\/idoszaki-kiallitasok\/az-idotallo-varos-vac-1075-2025\/","og_site_name":"TRAGOR IGN\u00c1C M\u00daZEUM \u2022 V\u00c1C","article_publisher":"https:\/\/www.facebook.com\/vac.tragorignacmuzeum","article_modified_time":"2025-08-21T20:40:15+00:00","twitter_card":"summary_large_image","twitter_misc":{"Estimated reading time":"2 minutes"},"schema":{"@context":"https:\/\/schema.org","@graph":[{"@type":"WebPage","@id":"https:\/\/muzeumvac.hu\/kiallitasok\/idoszaki-kiallitasok\/az-idotallo-varos-vac-1075-2025\/","url":"https:\/\/muzeumvac.hu\/kiallitasok\/idoszaki-kiallitasok\/az-idotallo-varos-vac-1075-2025\/","name":"Az id\u0151t\u00e1ll\u00f3 v\u00e1ros \u2013 V\u00e1c 1075-2025 - TRAGOR IGN\u00c1C M\u00daZEUM \u2022 V\u00c1C","isPartOf":{"@id":"https:\/\/muzeumvac.hu\/#website"},"datePublished":"2025-07-04T15:55:00+00:00","dateModified":"2025-08-21T20:40:15+00:00","description":"One museum, a thousand experiences!","breadcrumb":{"@id":"https:\/\/muzeumvac.hu\/kiallitasok\/idoszaki-kiallitasok\/az-idotallo-varos-vac-1075-2025\/#breadcrumb"},"inLanguage":"en-GB","potentialAction":[{"@type":"ReadAction","target":["https:\/\/muzeumvac.hu\/kiallitasok\/idoszaki-kiallitasok\/az-idotallo-varos-vac-1075-2025\/"]}]},{"@type":"BreadcrumbList","@id":"https:\/\/muzeumvac.hu\/kiallitasok\/idoszaki-kiallitasok\/az-idotallo-varos-vac-1075-2025\/#breadcrumb","itemListElement":[{"@type":"ListItem","position":1,"name":"Kezd\u0151lap","item":"https:\/\/muzeumvac.hu\/"},{"@type":"ListItem","position":2,"name":"Ki\u00e1ll\u00edt\u00e1sok","item":"https:\/\/muzeumvac.hu\/kiallitasok\/"},{"@type":"ListItem","position":3,"name":"Id\u0151szaki ki\u00e1ll\u00edt\u00e1sok","item":"https:\/\/muzeumvac.hu\/kiallitasok\/idoszaki-kiallitasok\/"},{"@type":"ListItem","position":4,"name":"Az id\u0151t\u00e1ll\u00f3 v\u00e1ros \u2013 V\u00e1c 1075-2025"}]},{"@type":"WebSite","@id":"https:\/\/muzeumvac.hu\/#website","url":"https:\/\/muzeumvac.hu\/","name":"TRAGOR IGN\u00c1C M\u00daZEUM \u2022 V\u00c1C","description":"One museum, a thousand experiences!","publisher":{"@id":"https:\/\/muzeumvac.hu\/#organization"},"potentialAction":[{"@type":"SearchAction","target":{"@type":"EntryPoint","urlTemplate":"https:\/\/muzeumvac.hu\/?s={search_term_string}"},"query-input":{"@type":"PropertyValueSpecification","valueRequired":true,"valueName":"search_term_string"}}],"inLanguage":"en-GB"},{"@type":"Organization","@id":"https:\/\/muzeumvac.hu\/#organization","name":"TRAGOR IGN\u00c1C M\u00daZEUM \u2022 V\u00c1C","url":"https:\/\/muzeumvac.hu\/","logo":{"@type":"ImageObject","inLanguage":"en-GB","@id":"https:\/\/muzeumvac.hu\/#\/schema\/logo\/image\/","url":"https:\/\/muzeumvac.hu\/wp-content\/uploads\/2025\/07\/tragor_ignac_logo.png","contentUrl":"https:\/\/muzeumvac.hu\/wp-content\/uploads\/2025\/07\/tragor_ignac_logo.png","width":161,"height":126,"caption":"TRAGOR IGN\u00c1C M\u00daZEUM \u2022 V\u00c1C"},"image":{"@id":"https:\/\/muzeumvac.hu\/#\/schema\/logo\/image\/"},"sameAs":["https:\/\/www.facebook.com\/vac.tragorignacmuzeum","https:\/\/www.instagram.com\/tragormuzeum","https:\/\/www.youtube.com\/@TragorIgncMzeum-vac"]}]}},"_links":{"self":[{"href":"https:\/\/muzeumvac.hu\/en\/wp-json\/wp\/v2\/pages\/1494","targetHints":{"allow":["GET"]}}],"collection":[{"href":"https:\/\/muzeumvac.hu\/en\/wp-json\/wp\/v2\/pages"}],"about":[{"href":"https:\/\/muzeumvac.hu\/en\/wp-json\/wp\/v2\/types\/page"}],"author":[{"embeddable":true,"href":"https:\/\/muzeumvac.hu\/en\/wp-json\/wp\/v2\/users\/1"}],"replies":[{"embeddable":true,"href":"https:\/\/muzeumvac.hu\/en\/wp-json\/wp\/v2\/comments?post=1494"}],"version-history":[{"count":0,"href":"https:\/\/muzeumvac.hu\/en\/wp-json\/wp\/v2\/pages\/1494\/revisions"}],"up":[{"embeddable":true,"href":"https:\/\/muzeumvac.hu\/en\/wp-json\/wp\/v2\/pages\/1148"}],"wp:attachment":[{"href":"https:\/\/muzeumvac.hu\/en\/wp-json\/wp\/v2\/media?parent=1494"}],"curies":[{"name":"wp","href":"https:\/\/api.w.org\/{rel}","templated":true}]}}